{"id":30,"date":"2022-03-24T14:02:03","date_gmt":"2022-03-24T13:02:03","guid":{"rendered":"https:\/\/www.basketclubs.be\/andennebasket\/?page_id=30"},"modified":"2025-10-23T16:53:38","modified_gmt":"2025-10-23T14:53:38","slug":"the-club-1","status":"publish","type":"page","link":"https:\/\/www.basketclubs.be\/andennebasket\/the-club-1\/","title":{"rendered":"Cotisation &#8211; Saison 2025-2026"},"content":{"rendered":"<p><strong><em>\u00a0Chers parents, chers joueurs, ch\u00e8res joueuses,<\/em><\/strong><\/p>\n<p>Comme vous le savez, notre club a \u00e0 c\u0153ur d\u2019offrir \u00e0 tous les jeunes un encadrement de qualit\u00e9, dans un environnement s\u00e9curis\u00e9 et convivial. L\u2019organisation d\u2019activit\u00e9s sportives repose sur de nombreux param\u00e8tres : encadrement, mat\u00e9riel\u2026 mais aussi la mise \u00e0 disposition des infrastructures sportives.<\/p>\n<p>Afin de continuer \u00e0 proposer ces conditions d\u2019entra\u00eenement et de match optimales, nous sommes malheureusement confront\u00e9s \u00e0 une augmentation significative de certains frais fixes, notamment ceux li\u00e9s \u00e0 la location de nos installations sportives.<\/p>\n<p>En effet, les tarifs appliqu\u00e9s pour l\u2019utilisation des salles ont \u00e9t\u00e9 pratiquement doubl\u00e9s et nous impose donc ces augmentations. Cela repr\u00e9sente un impact important sur notre budget global de fonctionnement car le club prends \u00e0 sa charge une partie de cette augmentation mais ne sait l\u2019assumer enti\u00e8rement.<\/p>\n<p>\u00c0 titre informatif, le co\u00fbt moyen d\u2019un joueur pour une saison \u00e0 Andenne Basket revient \u00e0 495\u20ac , vous comprendrez que m\u00eame la cotisation la plus \u00e9lev\u00e9e ne couvre pas l\u2019enti\u00e8ret\u00e9 des frais. Nous insistons que, contrairement, aux id\u00e9es pr\u00e9con\u00e7ues ces cotisations ne servent pas \u00e0 alimenter l\u2019\u00e9quipe fanion mais bien la formation et autres frais repris ci-dessus.<\/p>\n<p>Apr\u00e8s une analyse attentive et de nombreuses r\u00e9flexions, dans le souci de permettre au club de continuer \u00e0 fonctionner dans de bonnes conditions le comit\u00e9 du club a pris la d\u00e9cision d\u2019ajuster la cotisation annuelle comme suit :<\/p>\n<p>\u00b7 170 \u20ac pour la cat\u00e9gorie U6 (1 entra\u00eenement par semaine) ;<\/p>\n<p>\u00b7 350 \u20ac pour les \u00e9quipes ayant 2 entra\u00eenements par semaine ;<\/p>\n<p>\u00b7 420 \u20ac pour les \u00e9quipes ayant 3 entra\u00eenements par semaine.<\/p>\n<p>Nous sommes bien conscients que toute augmentation peut susciter des interrogations. Cette d\u00e9cision n\u2019a pas \u00e9t\u00e9 prise \u00e0 la l\u00e9g\u00e8re, mais elle est devenue indispensable pour garantir la p\u00e9rennit\u00e9 de nos activit\u00e9s et la qualit\u00e9 de l\u2019encadrement propos\u00e9 \u00e0 vos enfants.<\/p>\n<p>Nous redoublons d\u2019effort tout au long de l\u2019ann\u00e9e pour r\u00e9aliser des activit\u00e9s extra-sportives pour \u00e9viter une plus forte augmentation et combler les besoins financiers et les diverses augmentations impos\u00e9es par la f\u00e9d\u00e9ration, l\u2019administration et autres..<\/p>\n<p>Cela signifie\u00a0:<\/p>\n<ul>\n<li>Le bar de f\u00eate nationale \u00e0 la Place Wauters de Seilles<\/li>\n<li>L\u2019organisation de la brocante et deux bars le 15 aout<\/li>\n<li>Les f\u00eates de Wallonie<\/li>\n<li>Le blind-test d\u2019Andenne Basket<\/li>\n<li>Le carnaval des ours<\/li>\n<li>Andenne Day\u2019s<\/li>\n<\/ul>\n<p>Nous vous remercions sinc\u00e8rement pour votre compr\u00e9hension et votre fid\u00e9lit\u00e9. Votre soutien nous est pr\u00e9cieux, et c\u2019est ensemble, en tant que communaut\u00e9, que nous continuerons \u00e0 faire grandir notre club dans les meilleures conditions.<\/p>\n<p>N\u2019h\u00e9sitez pas \u00e0 nous contacter si vous avez des questions ou souhaitez \u00e9changer \u00e0 ce sujet.<\/p>\n<p>&nbsp;<\/p>\n<p>Avec toute notre consid\u00e9ration sportive,<\/p>\n<p>Le comit\u00e9 Andenne Basket<\/p>\n<table>\n<tbody>\n<tr>\n<td>170\u20ac<\/td>\n<td>U6<\/td>\n<td><\/td>\n<td><\/td>\n<td><\/td>\n<td><\/td>\n<td><\/td>\n<td><\/td>\n<td><\/td>\n<\/tr>\n<tr>\n<td>350\u20ac<\/td>\n<td>U7<\/td>\n<td>U8<\/td>\n<td>U10<\/td>\n<td>U12<\/td>\n<td>U14B<\/td>\n<td>U16B<\/td>\n<td>P1<\/td>\n<td>U19F\/P3D<\/td>\n<\/tr>\n<tr>\n<td>420\u20ac<\/td>\n<td>U14A<\/td>\n<td>U16A<\/td>\n<td>U18<\/td>\n<td><\/td>\n<td><\/td>\n<td><\/td>\n<td><\/td>\n<td><\/td>\n<\/tr>\n<\/tbody>\n<\/table>\n<p>Afin de soutenir les familles, nous avons conserv\u00e9 un syst\u00e8me de r\u00e9duction pour les fratries:<\/p>\n<ul>\n<li>-25 \u20ac pour le deuxi\u00e8me enfant inscrit<\/li>\n<li>-50 \u20ac pour le troisi\u00e8me enfant (et suivants)<\/li>\n<\/ul>\n<p>Pour le versement de la cotisation, vous avez la possibilit\u00e9 de le faire en une fois ou par tranche. Si vous choisissez la 2e option, voici son plan d\u2019\u00e9talement:<\/p>\n<table style=\"height: 192px\" width=\"606\">\n<tbody>\n<tr>\n<td><\/td>\n<td style=\"text-align: center\"><strong>15 AOUT<\/strong><\/td>\n<td>\n<p style=\"text-align: center\"><strong>15 OCTOBRE<\/strong><\/p>\n<\/td>\n<td style=\"text-align: center\"><strong>15 DECEMBRE<\/strong><\/td>\n<\/tr>\n<tr>\n<td>170\u20ac<\/td>\n<td>170\u20ac<\/td>\n<td>\/<\/td>\n<td>\/<\/td>\n<\/tr>\n<tr>\n<td>350\u20ac<\/td>\n<td>150\u20ac<\/td>\n<td>100\u20ac<\/td>\n<td>100\u20ac<\/td>\n<\/tr>\n<tr>\n<td>420\u20ac<\/td>\n<td>150\u20ac<\/td>\n<td>150\u20ac<\/td>\n<td>120\u20ac<\/td>\n<\/tr>\n<\/tbody>\n<\/table>\n<p>&nbsp;<\/p>\n<p>-&gt; Andenne Basket \u2013 BE12 2400 1503 4192 \u2013 ajouter nom+pr\u00e9nom+\u00e9quipe de votre enfant<\/p>\n<p>-&gt; Pour toute question vous pouvez envoyer un mail \u00e0 tresorier@andennebasket.be<\/p>\n<p>-&gt; N\u2019oubliez pas que votre mutuelle intervient pour les activit\u00e9s sportives. Une boite aux lettres du club est disponible au fond du hall de sportif de l\u2019Arena, vous pouvez y d\u00e9poser votre document.<\/p>\n<table style=\"height: 206px\" width=\"800\">\n<tbody>\n<tr style=\"border-color: #fcfce8\">\n<td style=\"border-color: #fcfce8\" width=\"140px\"><\/td>\n<td style=\"border-color: #fcfce8;vertical-align: bottom\"><\/td>\n<td style=\"border-color: #fcfce8\" width=\"50px\"><\/td>\n<\/tr>\n<tr style=\"border-color: #fcfce8\">\n<td style=\"border-color: #fcfce8\" width=\"140px\"><\/td>\n<td style=\"border-color: #fcfce8;vertical-align: bottom\"><\/td>\n<td style=\"border-color: #fcfce8\" width=\"50px\"><\/td>\n<\/tr>\n<tr style=\"border-color: #fcfce8\">\n<td style=\"border-color: #fcfce8\" width=\"140px\"><\/td>\n<td style=\"border-color: #fcfce8;vertical-align: bottom\"><\/td>\n<td style=\"border-color: #fcfce8\" width=\"50px\"><\/td>\n<\/tr>\n<tr style=\"border-color: #fcfce8\">\n<td style=\"border-color: #fcfce8\" width=\"140px\"><\/td>\n<td style=\"border-color: #fcfce8;vertical-align: bottom\"><\/td>\n<td style=\"border-color: #fcfce8\" width=\"50px\"><\/td>\n<\/tr>\n<\/tbody>\n<\/table>\n<div id=\"ConnectiveDocSignExtentionInstalled\"><\/div>\n","protected":false},"excerpt":{"rendered":"<p>\u00a0Chers parents, chers joueurs, ch\u00e8res joueuses, Comme vous le savez, notre club a \u00e0 c\u0153ur d\u2019offrir \u00e0 tous les jeunes un encadrement de qualit\u00e9, dans un environnement s\u00e9curis\u00e9 et convivial. L\u2019organisation d\u2019activit\u00e9s sportives repose sur de nombreux param\u00e8tres : encadrement, mat\u00e9riel\u2026 mais aussi la mise \u00e0 disposition des infrastructures sportives. Afin de continuer \u00e0 proposer [&hellip;]<\/p>\n","protected":false},"author":224,"featured_media":0,"parent":0,"menu_order":0,"comment_status":"closed","ping_status":"closed","template":"page-templates\/page-free.php","meta":{"footnotes":""},"class_list":["post-30","page","type-page","status-publish","hentry"],"_links":{"self":[{"href":"https:\/\/www.basketclubs.be\/andennebasket\/wp-json\/wp\/v2\/pages\/30","targetHints":{"allow":["GET"]}}],"collection":[{"href":"https:\/\/www.basketclubs.be\/andennebasket\/wp-json\/wp\/v2\/pages"}],"about":[{"href":"https:\/\/www.basketclubs.be\/andennebasket\/wp-json\/wp\/v2\/types\/page"}],"author":[{"embeddable":true,"href":"https:\/\/www.basketclubs.be\/andennebasket\/wp-json\/wp\/v2\/users\/224"}],"replies":[{"embeddable":true,"href":"https:\/\/www.basketclubs.be\/andennebasket\/wp-json\/wp\/v2\/comments?post=30"}],"version-history":[{"count":34,"href":"https:\/\/www.basketclubs.be\/andennebasket\/wp-json\/wp\/v2\/pages\/30\/revisions"}],"predecessor-version":[{"id":1440,"href":"https:\/\/www.basketclubs.be\/andennebasket\/wp-json\/wp\/v2\/pages\/30\/revisions\/1440"}],"wp:attachment":[{"href":"https:\/\/www.basketclubs.be\/andennebasket\/wp-json\/wp\/v2\/media?parent=30"}],"curies":[{"name":"wp","href":"https:\/\/api.w.org\/{rel}","templated":true}]}}